{"id":3046,"date":"2022-04-08T18:43:25","date_gmt":"2022-04-08T16:43:25","guid":{"rendered":"https:\/\/www.afapa.eu\/?page_id=3046"},"modified":"2024-06-03T18:41:17","modified_gmt":"2024-06-03T16:41:17","slug":"anciennes-jefapa","status":"publish","type":"page","link":"https:\/\/www.afapa.eu\/en\/anciennes-jefapa\/","title":{"rendered":"Anciennes Journ\u00e9es d&rsquo;Etudes Francophones en APA"},"content":{"rendered":"<div data-elementor-type=\"wp-page\" data-elementor-id=\"3046\" class=\"elementor elementor-3046\">\n\t\t\t\t\t\t<section class=\"elementor-section elementor-top-section elementor-element elementor-element-e6831cb elementor-section-boxed elementor-section-height-default elementor-section-height-default\" data-id=\"e6831cb\" data-element_type=\"section\" data-e-type=\"section\" data-settings=\"{&quot;dotlife_ext_is_background_parallax&quot;:&quot;false&quot;,&quot;dotlife_ext_is_background_backdrop&quot;:&quot;false&quot;}\">\n\t\t\t\t\t\t<div class=\"elementor-container elementor-column-gap-default\">\n\t\t\t\t\t<div class=\"elementor-column elementor-col-100 elementor-top-column elementor-element elementor-element-d4cc42d\" data-id=\"d4cc42d\" data-element_type=\"column\" data-e-type=\"column\" data-settings=\"{&quot;dotlife_ext_link_sidemenu&quot;:&quot;false&quot;,&quot;dotlife_ext_link_fullmenu&quot;:&quot;false&quot;,&quot;dotlife_ext_link_closed_fullmenu&quot;:&quot;false&quot;,&quot;dotlife_ext_is_scrollme&quot;:&quot;false&quot;,&quot;dotlife_ext_is_smoove&quot;:&quot;false&quot;,&quot;dotlife_ext_is_parallax_mouse&quot;:&quot;false&quot;,&quot;dotlife_ext_is_infinite&quot;:&quot;false&quot;,&quot;dotlife_ext_is_fadeout_animation&quot;:&quot;false&quot;,&quot;dotlife_ext_mobile_static&quot;:&quot;false&quot;}\">\n\t\t\t<div class=\"elementor-widget-wrap elementor-element-populated\">\n\t\t\t\t\t\t<div class=\"elementor-element elementor-element-ea98804 elementor-widget elementor-widget-image\" data-id=\"ea98804\" data-element_type=\"widget\" data-e-type=\"widget\" data-settings=\"{&quot;dotlife_image_is_animation&quot;:&quot;false&quot;,&quot;dotlife_ext_link_sidemenu&quot;:&quot;false&quot;,&quot;dotlife_ext_link_fullmenu&quot;:&quot;false&quot;,&quot;dotlife_ext_link_closed_fullmenu&quot;:&quot;false&quot;,&quot;dotlife_ext_is_scrollme&quot;:&quot;false&quot;,&quot;dotlife_ext_is_smoove&quot;:&quot;false&quot;,&quot;dotlife_ext_is_parallax_mouse&quot;:&quot;false&quot;,&quot;dotlife_ext_is_infinite&quot;:&quot;false&quot;,&quot;dotlife_ext_is_fadeout_animation&quot;:&quot;false&quot;,&quot;dotlife_ext_mobile_static&quot;:&quot;false&quot;}\" data-widget_type=\"image.default\">\n\t\t\t\t<div class=\"elementor-widget-container\">\n\t\t\t\t\t\t\t\t\t\t\t\t\t\t\t<img fetchpriority=\"high\" decoding=\"async\" width=\"973\" height=\"245\" src=\"https:\/\/www.afapa.eu\/wp-content\/uploads\/2023\/07\/JEFAPA-1.jpg\" class=\"attachment-full size-full wp-image-4008\" alt=\"\" srcset=\"https:\/\/www.afapa.eu\/wp-content\/uploads\/2023\/07\/JEFAPA-1.jpg 973w, https:\/\/www.afapa.eu\/wp-content\/uploads\/2023\/07\/JEFAPA-1-300x76.jpg 300w, https:\/\/www.afapa.eu\/wp-content\/uploads\/2023\/07\/JEFAPA-1-768x193.jpg 768w, https:\/\/www.afapa.eu\/wp-content\/uploads\/2023\/07\/JEFAPA-1-440x111.jpg 440w\" sizes=\"(max-width: 973px) 100vw, 973px\" \/>\t\t\t\t\t\t\t\t\t\t\t\t\t\t\t<\/div>\n\t\t\t\t<\/div>\n\t\t\t\t\t<\/div>\n\t\t<\/div>\n\t\t\t\t\t<\/div>\n\t\t<\/section>\n\t\t\t\t<section class=\"elementor-section elementor-top-section elementor-element elementor-element-c83498b elementor-section-boxed elementor-section-height-default elementor-section-height-default\" data-id=\"c83498b\" data-element_type=\"section\" data-e-type=\"section\" data-settings=\"{&quot;dotlife_ext_is_background_parallax&quot;:&quot;false&quot;,&quot;dotlife_ext_is_background_backdrop&quot;:&quot;false&quot;}\">\n\t\t\t\t\t\t<div class=\"elementor-container elementor-column-gap-default\">\n\t\t\t\t\t<div class=\"elementor-column elementor-col-100 elementor-top-column elementor-element elementor-element-66487a4\" data-id=\"66487a4\" data-element_type=\"column\" data-e-type=\"column\" data-settings=\"{&quot;dotlife_ext_link_sidemenu&quot;:&quot;false&quot;,&quot;dotlife_ext_link_fullmenu&quot;:&quot;false&quot;,&quot;dotlife_ext_link_closed_fullmenu&quot;:&quot;false&quot;,&quot;dotlife_ext_is_scrollme&quot;:&quot;false&quot;,&quot;dotlife_ext_is_smoove&quot;:&quot;false&quot;,&quot;dotlife_ext_is_parallax_mouse&quot;:&quot;false&quot;,&quot;dotlife_ext_is_infinite&quot;:&quot;false&quot;,&quot;dotlife_ext_is_fadeout_animation&quot;:&quot;false&quot;,&quot;dotlife_ext_mobile_static&quot;:&quot;false&quot;}\">\n\t\t\t<div class=\"elementor-widget-wrap elementor-element-populated\">\n\t\t\t\t\t\t<div class=\"elementor-element elementor-element-58ececb6 elementor-widget elementor-widget-text-editor\" data-id=\"58ececb6\" data-element_type=\"widget\" data-e-type=\"widget\" data-settings=\"{&quot;dotlife_ext_link_sidemenu&quot;:&quot;false&quot;,&quot;dotlife_ext_link_fullmenu&quot;:&quot;false&quot;,&quot;dotlife_ext_link_closed_fullmenu&quot;:&quot;false&quot;,&quot;dotlife_ext_is_scrollme&quot;:&quot;false&quot;,&quot;dotlife_ext_is_smoove&quot;:&quot;false&quot;,&quot;dotlife_ext_is_parallax_mouse&quot;:&quot;false&quot;,&quot;dotlife_ext_is_infinite&quot;:&quot;false&quot;,&quot;dotlife_ext_is_fadeout_animation&quot;:&quot;false&quot;,&quot;dotlife_ext_mobile_static&quot;:&quot;false&quot;}\" data-widget_type=\"text-editor.default\">\n\t\t\t\t<div class=\"elementor-widget-container\">\n\t\t\t\t\t\t\t\t\t<p><\/p>\n<p>XXII<sup>\u00e8mes<\/sup> JEFAPA<\/p>\n<p><\/p>\n<p><\/p>\n<ul class=\"wp-block-list\">\n<li>Date : 15 au 17 mai 2024<\/li>\n<li>Lieu : UFR STAPS de Besan\u00e7on<\/li>\n<li>Organisation : Fabienne Mougin-Guillaume et Gilles Ravier<\/li>\n<li>Pour plus d\u2019informations : <a href=\"https:\/\/jefapa2024-besancon.sciencesconf.org\/\" target=\"_blank\" rel=\"noreferrer noopener\" data-type=\"URL\" data-id=\"https:\/\/jefapa2023.sciencesconf.org\/\">cliquez ici<\/a><\/li>\n<li>Pour les actes du congr\u00e8s : <a href=\"https:\/\/jefapa2024-besancon.sciencesconf.org\/data\/pages\/Actes_du_Congres_JEFAPA_Besancon_2024.pdf\" target=\"_blank\" rel=\"noopener\">cliquez ici<\/a><\/li>\n<\/ul>\n<p>XXI<sup>\u00e8mes<\/sup> JEFAPA<\/p>\n<p><\/p>\n<p><\/p>\n<ul class=\"wp-block-list\">\n<li>Date : 29 au 31 mars 2023<\/li>\n<li>Lieu : UFR STAPS de Nantes<\/li>\n<li>Organisation : Thibault Deschamps<\/li>\n<li>Pour plus d\u2019informations : <a href=\"https:\/\/jefapa2023.sciencesconf.org\/\" target=\"_blank\" rel=\"noreferrer noopener\" data-type=\"URL\" data-id=\"https:\/\/jefapa2023.sciencesconf.org\/\">cliquez ici<\/a><\/li>\n<li>Pour les actes du congr\u00e8s : <a href=\"https:\/\/www.afapa.eu\/wp-content\/uploads\/2023\/07\/LIVRET_JEFAPA_v4.pdf\" target=\"_blank\" rel=\"noreferrer noopener\" data-type=\"URL\" data-id=\"https:\/\/www.afapa.eu\/wp-content\/uploads\/2023\/07\/LIVRET_JEFAPA_v4.pdf\">cliquez ici<\/a><\/li>\n<\/ul>\n<p><\/p>\n<p><!-- \/wp:list --><\/p>\n<p><!-- wp:paragraph --><\/p>\n<p>XX<sup>\u00e8mes<\/sup> JEFAPA<\/p>\n<p><!-- \/wp:paragraph --><\/p>\n<p><!-- wp:list --><\/p>\n<ul>\n<li>Date : 27-28 mai 2021<\/li>\n<li>Lieu : UFR STAPS de Caen<\/li>\n<li>Organisation : Pascale Leconte<\/li>\n<li>Pour plus d&rsquo;informations : <a href=\"https:\/\/jefapa2020.sciencesconf.org\/\" target=\"_blank\" rel=\"noreferrer noopener\" data-type=\"URL\" data-id=\"https:\/\/jefapa2020.sciencesconf.org\/\">cliquez ici<\/a><\/li>\n<li>Pour les actes du congr\u00e8s : <a href=\"https:\/\/www.afapa.eu\/wp-content\/uploads\/2023\/09\/Actes-du-congres-XXe-JEFAPA-2021-a-Caen.pdf\">cliquez ici<\/a><\/li>\n<\/ul>\n<p><!-- \/wp:list-item --><\/p>\n<p><!-- \/wp:list --><\/p>\n<p><!-- wp:paragraph --><\/p>\n<p><strong>COVID commence d\u00e9but 2020 et confinement(s)<\/strong><\/p>\n<p><!-- \/wp:paragraph --><\/p>\n<p><!-- wp:paragraph --><\/p>\n<p>XIX<sup>\u00e8mes<\/sup> JEFAPA de Toulon<\/p>\n<p><!-- \/wp:paragraph --><\/p>\n<p><!-- wp:list --><\/p>\n<ul>\n<li>Date : 23 au 25 mais 2018<\/li>\n<li>Lieu : UFR STAPS de Toulon<\/li>\n<li>Organisation : Eric Watelain, Arnaud Faupin<\/li>\n<li>Pour plus d&rsquo;informations : <a href=\"https:\/\/sites.univ-tln.fr\/afapa2018\/dates-importantes\/\" target=\"_blank\" rel=\"noreferrer noopener\" data-type=\"URL\" data-id=\"https:\/\/sites.univ-tln.fr\/afapa2018\/dates-importantes\/\">cliquez ici<\/a><\/li>\n<li>Pour les actes du congr\u00e8s : <a href=\"https:\/\/www.sciencedirect.com\/journal\/science-and-sports\/vol\/33\/suppl\/S1\" target=\"_blank\" rel=\"noreferrer noopener\" data-type=\"URL\" data-id=\"https:\/\/www.sciencedirect.com\/journal\/science-and-sports\/vol\/33\/suppl\/S1\">cliquez ici<\/a><\/li>\n<\/ul>\n<p><!-- \/wp:list-item --><\/p>\n<p><!-- \/wp:list --><\/p>\n<p><!-- wp:paragraph --><\/p>\n<p>2016 : XVIII<sup>\u00e8mes<\/sup> Amiens (Said Ahmaidi)<br \/>2014 : XVII<sup>\u00e8mes<\/sup> Besan\u00e7on (Fabienne Mougin &amp; Laurie Isacco)<br \/>2012 : XVI<sup>\u00e8mes<\/sup> Orsay (Pascale Leconte)<br \/>2010 : XV<sup>\u00e8mes<\/sup> Orl\u00e9ans (Nancy Rebot)<br \/>2008 : XIV<sup>\u00e8mes<\/sup> Cergy-Pontoise (Gilles Lecocq &amp; Yves Eberhard)<br \/>2006 : XIII<sup>\u00e8mes<\/sup> Lyon (Michel Fodimbi)<br \/>2002 : XII<sup>\u00e8mes<\/sup> Nice (Pierre-Louis Bernard &amp; Christophe Maiano)<br \/>2000 : XI<sup>\u00e8mes<\/sup> Paris X-Nanterre (Claire Boursier &amp; Didier S\u00e9guillon)<br \/>1998 : X<sup>\u00e8mes<\/sup> Montpellier (Jean Bilard &amp; Alain Varray)<\/p>\n<p><!-- \/wp:paragraph --><\/p>\n<p><!-- wp:paragraph --><\/p>\n<p><strong>CR\u00c9ATION DE L\u2019AFAPA, \u00e0 partir de cette date, les JEFAPA ont toujours \u00e9t\u00e9 r\u00e9alis\u00e9es sous l\u2019\u00e9gide de l\u2019AFAPA<\/strong><\/p>\n<p><!-- \/wp:paragraph --><\/p>\n<p><!-- wp:paragraph --><\/p>\n<p>1997 : IX<sup>\u00e8mes<\/sup> Poitiers (Corinne Caillaud &amp; Marie-Martine Ramanantsoa)<br \/>1996 : VIII<sup>\u00e8mes<\/sup> Turin (Anna Bianco)<br \/>1995 : VII<sup>\u00e8mes<\/sup> Lyon (Marc Cl\u00e9ment &amp; Michel Fodimbi)<br \/>1994 : VI<sup>\u00e8mes<\/sup> Grenoble (Yves Eberhard)<br \/>1991 : V<sup>\u00e8me<\/sup> Besan\u00e7on (Yvette Demesmay &amp; Martine Kreuzer)<br \/>1990 : IV<sup>\u00e8mes<\/sup> Nancy (Fran\u00e7ois Courtine &amp; Bernard Robert)<br \/>1989 : III<sup>\u00e8mes<\/sup> Lyon (Andr\u00e9 Degoute &amp; Yves Eberhard)<br \/>1985 : II<sup>\u00e8mes<\/sup> Marseille (Pierre Therme)<br \/>1981 : I<sup>\u00e8res<\/sup> Grenoble (Yves Eberhard)<\/p>\n<p><!-- \/wp:paragraph --><\/p>\t\t\t\t\t\t\t\t<\/div>\n\t\t\t\t<\/div>\n\t\t\t\t\t<\/div>\n\t\t<\/div>\n\t\t\t\t\t<\/div>\n\t\t<\/section>\n\t\t\t\t<\/div>","protected":false},"excerpt":{"rendered":"<p>XXII\u00e8mes JEFAPA Date : 15 au 17 mai 2024 Lieu : UFR STAPS de Besan\u00e7on Organisation : Fabienne Mougin-Guillaume et Gilles Ravier Pour plus d\u2019informations : cliquez ici Pour les actes du congr\u00e8s : cliquez ici XXI\u00e8mes JEFAPA Date : [&hellip;]<\/p>\n","protected":false},"author":1,"featured_media":0,"parent":0,"menu_order":0,"comment_status":"closed","ping_status":"closed","template":"","meta":{"footnotes":""},"class_list":["post-3046","page","type-page","status-publish","hentry"],"yoast_head":"<!-- This site is optimized with the Yoast SEO plugin v27.4 - https:\/\/yoast.com\/product\/yoast-seo-wordpress\/ -->\n<title>Anciennes Journ\u00e9es d&#039;Etudes Francophones en APA - AFAPA<\/title>\n<meta name=\"description\" content=\"Les Journ\u00e9es d\u2019Etudes Francophones en APA (JEFAPA) existent depuis 1981. Cette page liste toutes les JEFAPA, liens vers la documentation, etc\" \/>\n<meta name=\"robots\" content=\"index, follow, max-snippet:-1, max-image-preview:large, max-video-preview:-1\" \/>\n<link rel=\"canonical\" href=\"https:\/\/www.afapa.eu\/en\/anciennes-jefapa\/\" \/>\n<meta property=\"og:locale\" content=\"en_GB\" \/>\n<meta property=\"og:type\" content=\"article\" \/>\n<meta property=\"og:title\" content=\"Anciennes Journ\u00e9es d&#039;Etudes Francophones en APA - AFAPA\" \/>\n<meta property=\"og:description\" content=\"Les Journ\u00e9es d\u2019Etudes Francophones en APA (JEFAPA) existent depuis 1981. Cette page liste toutes les JEFAPA, liens vers la documentation, etc\" \/>\n<meta property=\"og:url\" content=\"https:\/\/www.afapa.eu\/en\/anciennes-jefapa\/\" \/>\n<meta property=\"og:site_name\" content=\"AFAPA\" \/>\n<meta property=\"article:modified_time\" content=\"2024-06-03T16:41:17+00:00\" \/>\n<meta property=\"og:image\" content=\"https:\/\/www.afapa.eu\/wp-content\/uploads\/2023\/07\/JEFAPA-1.jpg\" \/>\n<meta name=\"twitter:card\" content=\"summary_large_image\" \/>\n<meta name=\"twitter:label1\" content=\"Estimated reading time\" \/>\n\t<meta name=\"twitter:data1\" content=\"2 minutes\" \/>\n<script type=\"application\/ld+json\" class=\"yoast-schema-graph\">{\"@context\":\"https:\\\/\\\/schema.org\",\"@graph\":[{\"@type\":\"WebPage\",\"@id\":\"https:\\\/\\\/www.afapa.eu\\\/anciennes-jefapa\\\/\",\"url\":\"https:\\\/\\\/www.afapa.eu\\\/anciennes-jefapa\\\/\",\"name\":\"Anciennes Journ\u00e9es d'Etudes Francophones en APA - AFAPA\",\"isPartOf\":{\"@id\":\"https:\\\/\\\/www.afapa.eu\\\/#website\"},\"primaryImageOfPage\":{\"@id\":\"https:\\\/\\\/www.afapa.eu\\\/anciennes-jefapa\\\/#primaryimage\"},\"image\":{\"@id\":\"https:\\\/\\\/www.afapa.eu\\\/anciennes-jefapa\\\/#primaryimage\"},\"thumbnailUrl\":\"https:\\\/\\\/www.afapa.eu\\\/wp-content\\\/uploads\\\/2023\\\/07\\\/JEFAPA-1.jpg\",\"datePublished\":\"2022-04-08T16:43:25+00:00\",\"dateModified\":\"2024-06-03T16:41:17+00:00\",\"description\":\"Les Journ\u00e9es d\u2019Etudes Francophones en APA (JEFAPA) existent depuis 1981. Cette page liste toutes les JEFAPA, liens vers la documentation, etc\",\"breadcrumb\":{\"@id\":\"https:\\\/\\\/www.afapa.eu\\\/anciennes-jefapa\\\/#breadcrumb\"},\"inLanguage\":\"en-GB\",\"potentialAction\":[{\"@type\":\"ReadAction\",\"target\":[\"https:\\\/\\\/www.afapa.eu\\\/anciennes-jefapa\\\/\"]}]},{\"@type\":\"ImageObject\",\"inLanguage\":\"en-GB\",\"@id\":\"https:\\\/\\\/www.afapa.eu\\\/anciennes-jefapa\\\/#primaryimage\",\"url\":\"https:\\\/\\\/www.afapa.eu\\\/wp-content\\\/uploads\\\/2023\\\/07\\\/JEFAPA-1.jpg\",\"contentUrl\":\"https:\\\/\\\/www.afapa.eu\\\/wp-content\\\/uploads\\\/2023\\\/07\\\/JEFAPA-1.jpg\"},{\"@type\":\"BreadcrumbList\",\"@id\":\"https:\\\/\\\/www.afapa.eu\\\/anciennes-jefapa\\\/#breadcrumb\",\"itemListElement\":[{\"@type\":\"ListItem\",\"position\":1,\"name\":\"Accueil\",\"item\":\"https:\\\/\\\/www.afapa.eu\\\/\"},{\"@type\":\"ListItem\",\"position\":2,\"name\":\"Anciennes Journ\u00e9es d&rsquo;Etudes Francophones en APA\"}]},{\"@type\":\"WebSite\",\"@id\":\"https:\\\/\\\/www.afapa.eu\\\/#website\",\"url\":\"https:\\\/\\\/www.afapa.eu\\\/\",\"name\":\"AFAPA\",\"description\":\"Bienvenue sur le site de l&#039;AFAPA\",\"publisher\":{\"@id\":\"https:\\\/\\\/www.afapa.eu\\\/#organization\"},\"potentialAction\":[{\"@type\":\"SearchAction\",\"target\":{\"@type\":\"EntryPoint\",\"urlTemplate\":\"https:\\\/\\\/www.afapa.eu\\\/?s={search_term_string}\"},\"query-input\":{\"@type\":\"PropertyValueSpecification\",\"valueRequired\":true,\"valueName\":\"search_term_string\"}}],\"inLanguage\":\"en-GB\"},{\"@type\":\"Organization\",\"@id\":\"https:\\\/\\\/www.afapa.eu\\\/#organization\",\"name\":\"AFAPA\",\"alternateName\":\"AFAPA\",\"url\":\"https:\\\/\\\/www.afapa.eu\\\/\",\"logo\":{\"@type\":\"ImageObject\",\"inLanguage\":\"en-GB\",\"@id\":\"https:\\\/\\\/www.afapa.eu\\\/#\\\/schema\\\/logo\\\/image\\\/\",\"url\":\"https:\\\/\\\/www.afapa.eu\\\/wp-content\\\/uploads\\\/2023\\\/03\\\/logo_afapa.png\",\"contentUrl\":\"https:\\\/\\\/www.afapa.eu\\\/wp-content\\\/uploads\\\/2023\\\/03\\\/logo_afapa.png\",\"width\":1206,\"height\":390,\"caption\":\"AFAPA\"},\"image\":{\"@id\":\"https:\\\/\\\/www.afapa.eu\\\/#\\\/schema\\\/logo\\\/image\\\/\"}}]}<\/script>\n<!-- \/ Yoast SEO plugin. -->","yoast_head_json":{"title":"Anciennes Journ\u00e9es d'Etudes Francophones en APA - AFAPA","description":"Les Journ\u00e9es d\u2019Etudes Francophones en APA (JEFAPA) existent depuis 1981. Cette page liste toutes les JEFAPA, liens vers la documentation, etc","robots":{"index":"index","follow":"follow","max-snippet":"max-snippet:-1","max-image-preview":"max-image-preview:large","max-video-preview":"max-video-preview:-1"},"canonical":"https:\/\/www.afapa.eu\/en\/anciennes-jefapa\/","og_locale":"en_GB","og_type":"article","og_title":"Anciennes Journ\u00e9es d'Etudes Francophones en APA - AFAPA","og_description":"Les Journ\u00e9es d\u2019Etudes Francophones en APA (JEFAPA) existent depuis 1981. Cette page liste toutes les JEFAPA, liens vers la documentation, etc","og_url":"https:\/\/www.afapa.eu\/en\/anciennes-jefapa\/","og_site_name":"AFAPA","article_modified_time":"2024-06-03T16:41:17+00:00","og_image":[{"url":"https:\/\/www.afapa.eu\/wp-content\/uploads\/2023\/07\/JEFAPA-1.jpg","type":"","width":"","height":""}],"twitter_card":"summary_large_image","twitter_misc":{"Estimated reading time":"2 minutes"},"schema":{"@context":"https:\/\/schema.org","@graph":[{"@type":"WebPage","@id":"https:\/\/www.afapa.eu\/anciennes-jefapa\/","url":"https:\/\/www.afapa.eu\/anciennes-jefapa\/","name":"Anciennes Journ\u00e9es d'Etudes Francophones en APA - AFAPA","isPartOf":{"@id":"https:\/\/www.afapa.eu\/#website"},"primaryImageOfPage":{"@id":"https:\/\/www.afapa.eu\/anciennes-jefapa\/#primaryimage"},"image":{"@id":"https:\/\/www.afapa.eu\/anciennes-jefapa\/#primaryimage"},"thumbnailUrl":"https:\/\/www.afapa.eu\/wp-content\/uploads\/2023\/07\/JEFAPA-1.jpg","datePublished":"2022-04-08T16:43:25+00:00","dateModified":"2024-06-03T16:41:17+00:00","description":"Les Journ\u00e9es d\u2019Etudes Francophones en APA (JEFAPA) existent depuis 1981. Cette page liste toutes les JEFAPA, liens vers la documentation, etc","breadcrumb":{"@id":"https:\/\/www.afapa.eu\/anciennes-jefapa\/#breadcrumb"},"inLanguage":"en-GB","potentialAction":[{"@type":"ReadAction","target":["https:\/\/www.afapa.eu\/anciennes-jefapa\/"]}]},{"@type":"ImageObject","inLanguage":"en-GB","@id":"https:\/\/www.afapa.eu\/anciennes-jefapa\/#primaryimage","url":"https:\/\/www.afapa.eu\/wp-content\/uploads\/2023\/07\/JEFAPA-1.jpg","contentUrl":"https:\/\/www.afapa.eu\/wp-content\/uploads\/2023\/07\/JEFAPA-1.jpg"},{"@type":"BreadcrumbList","@id":"https:\/\/www.afapa.eu\/anciennes-jefapa\/#breadcrumb","itemListElement":[{"@type":"ListItem","position":1,"name":"Accueil","item":"https:\/\/www.afapa.eu\/"},{"@type":"ListItem","position":2,"name":"Anciennes Journ\u00e9es d&rsquo;Etudes Francophones en APA"}]},{"@type":"WebSite","@id":"https:\/\/www.afapa.eu\/#website","url":"https:\/\/www.afapa.eu\/","name":"AFAPA","description":"Bienvenue sur le site de l&#039;AFAPA","publisher":{"@id":"https:\/\/www.afapa.eu\/#organization"},"potentialAction":[{"@type":"SearchAction","target":{"@type":"EntryPoint","urlTemplate":"https:\/\/www.afapa.eu\/?s={search_term_string}"},"query-input":{"@type":"PropertyValueSpecification","valueRequired":true,"valueName":"search_term_string"}}],"inLanguage":"en-GB"},{"@type":"Organization","@id":"https:\/\/www.afapa.eu\/#organization","name":"AFAPA","alternateName":"AFAPA","url":"https:\/\/www.afapa.eu\/","logo":{"@type":"ImageObject","inLanguage":"en-GB","@id":"https:\/\/www.afapa.eu\/#\/schema\/logo\/image\/","url":"https:\/\/www.afapa.eu\/wp-content\/uploads\/2023\/03\/logo_afapa.png","contentUrl":"https:\/\/www.afapa.eu\/wp-content\/uploads\/2023\/03\/logo_afapa.png","width":1206,"height":390,"caption":"AFAPA"},"image":{"@id":"https:\/\/www.afapa.eu\/#\/schema\/logo\/image\/"}}]}},"_links":{"self":[{"href":"https:\/\/www.afapa.eu\/en\/wp-json\/wp\/v2\/pages\/3046","targetHints":{"allow":["GET"]}}],"collection":[{"href":"https:\/\/www.afapa.eu\/en\/wp-json\/wp\/v2\/pages"}],"about":[{"href":"https:\/\/www.afapa.eu\/en\/wp-json\/wp\/v2\/types\/page"}],"author":[{"embeddable":true,"href":"https:\/\/www.afapa.eu\/en\/wp-json\/wp\/v2\/users\/1"}],"replies":[{"embeddable":true,"href":"https:\/\/www.afapa.eu\/en\/wp-json\/wp\/v2\/comments?post=3046"}],"version-history":[{"count":54,"href":"https:\/\/www.afapa.eu\/en\/wp-json\/wp\/v2\/pages\/3046\/revisions"}],"predecessor-version":[{"id":6022,"href":"https:\/\/www.afapa.eu\/en\/wp-json\/wp\/v2\/pages\/3046\/revisions\/6022"}],"wp:attachment":[{"href":"https:\/\/www.afapa.eu\/en\/wp-json\/wp\/v2\/media?parent=3046"}],"curies":[{"name":"wp","href":"https:\/\/api.w.org\/{rel}","templated":true}]}}