{"id":3809,"date":"2023-07-01T18:05:02","date_gmt":"2023-07-01T16:05:02","guid":{"rendered":"https:\/\/www.afapa.eu\/?page_id=3809"},"modified":"2023-07-24T16:47:35","modified_gmt":"2023-07-24T14:47:35","slug":"activite-physique-adaptee-definition","status":"publish","type":"page","link":"https:\/\/www.afapa.eu\/en\/activite-physique-adaptee-definition\/","title":{"rendered":"Activit\u00e9 Physique Adapt\u00e9e : d\u00e9finition"},"content":{"rendered":"<div class=\"wp-block-image\">\n<figure class=\"aligncenter size-large is-resized\"><img fetchpriority=\"high\" decoding=\"async\" src=\"https:\/\/www.afapa.eu\/wp-content\/uploads\/2023\/07\/alzheimers-g7ce068e2a_1280-1024x510.jpg\" alt=\"\" class=\"wp-image-3956\" width=\"398\" height=\"198\" srcset=\"https:\/\/www.afapa.eu\/wp-content\/uploads\/2023\/07\/alzheimers-g7ce068e2a_1280-1024x510.jpg 1024w, https:\/\/www.afapa.eu\/wp-content\/uploads\/2023\/07\/alzheimers-g7ce068e2a_1280-300x149.jpg 300w, https:\/\/www.afapa.eu\/wp-content\/uploads\/2023\/07\/alzheimers-g7ce068e2a_1280-768x382.jpg 768w, https:\/\/www.afapa.eu\/wp-content\/uploads\/2023\/07\/alzheimers-g7ce068e2a_1280-440x219.jpg 440w, https:\/\/www.afapa.eu\/wp-content\/uploads\/2023\/07\/alzheimers-g7ce068e2a_1280.jpg 1280w\" sizes=\"(max-width: 398px) 100vw, 398px\" \/><\/figure>\n<\/div>\n\n\n<p>&nbsp;<\/p>\n\n\n\n<p>L\u2019Activit\u00e9 Physique Adapt\u00e9e est le domaine scientifique et professionnel de l\u2019AP s\u2019adressant \u00e0 toute personne n\u2019ayant pas ou ne pouvant pas pratiquer une activit\u00e9 physique ou sportive dans des conditions ordinaires et qui pr\u00e9sente des besoins sp\u00e9cifiques de sant\u00e9, de participation sociale ou d\u2019inclusion du fait d\u2019une maladie, d\u2019une limitation fonctionnelle, d\u2019une d\u00e9ficience, d\u2019une vuln\u00e9rabilit\u00e9, d\u2019une situation de handicap, d\u2019exclusion, d\u2019une inactivit\u00e9 ou d\u2019une s\u00e9dentarit\u00e9.<\/p>\n\n\n\n<p>Ainsi l\u2019APA mobilise en interaction les savoir-faire et la recherche scientifique permettant au moyen de toute activit\u00e9 physique l\u2019accompagnement, le suivi et l\u2019\u00e9valuation de la personne dans ses dimensions bio-psycho-sociales, dans le respect de sa s\u00e9curit\u00e9 et de sa dignit\u00e9.<\/p>\n\n\n\n<p>Dans un cadre d\u00e9ontologique d\u00e9fini, l\u2019APA veille \u00e0 cr\u00e9er des environnements et des conditions favorables \u00e0 une pratique physique r\u00e9guli\u00e8re reposant sur la conception de programmes de projets ou de dispositifs \u00e0 des fins d\u2019\u00e9ducation, de pr\u00e9ventions (i.e. primaire, secondaire, tertiaire\u2026), de promotion de la sant\u00e9, de performance, d\u2019inclusion, de participation sociale, d\u2019autonomie.<\/p>\n\n\n\n<p>L\u2019enseignant en APA est titulaire d\u2019une licence STAPS Activit\u00e9 Physique Adapt\u00e9e \u2013 Sant\u00e9 (APA-S).<\/p>","protected":false},"excerpt":{"rendered":"<p>&nbsp; L\u2019Activit\u00e9 Physique Adapt\u00e9e est le domaine scientifique et professionnel de l\u2019AP s\u2019adressant \u00e0 toute personne n\u2019ayant pas ou ne pouvant pas pratiquer une activit\u00e9 physique ou sportive dans des conditions ordinaires et qui pr\u00e9sente des besoins sp\u00e9cifiques de sant\u00e9, [&hellip;]<\/p>\n","protected":false},"author":1,"featured_media":0,"parent":0,"menu_order":0,"comment_status":"closed","ping_status":"closed","template":"","meta":{"footnotes":""},"class_list":["post-3809","page","type-page","status-publish","hentry"],"yoast_head":"<!-- This site is optimized with the Yoast SEO plugin v27.4 - https:\/\/yoast.com\/product\/yoast-seo-wordpress\/ -->\n<title>Activit\u00e9 Physique Adapt\u00e9e : d\u00e9finition - AFAPA<\/title>\n<meta name=\"robots\" content=\"index, follow, max-snippet:-1, max-image-preview:large, max-video-preview:-1\" \/>\n<link rel=\"canonical\" href=\"https:\/\/www.afapa.eu\/en\/activite-physique-adaptee-definition\/\" \/>\n<meta property=\"og:locale\" content=\"en_GB\" \/>\n<meta property=\"og:type\" content=\"article\" \/>\n<meta property=\"og:title\" content=\"Activit\u00e9 Physique Adapt\u00e9e : d\u00e9finition - AFAPA\" \/>\n<meta property=\"og:description\" content=\"&nbsp; L\u2019Activit\u00e9 Physique Adapt\u00e9e est le domaine scientifique et professionnel de l\u2019AP s\u2019adressant \u00e0 toute personne n\u2019ayant pas ou ne pouvant pas pratiquer une activit\u00e9 physique ou sportive dans des conditions ordinaires et qui pr\u00e9sente des besoins sp\u00e9cifiques de sant\u00e9, [&hellip;]\" \/>\n<meta property=\"og:url\" content=\"https:\/\/www.afapa.eu\/en\/activite-physique-adaptee-definition\/\" \/>\n<meta property=\"og:site_name\" content=\"AFAPA\" \/>\n<meta property=\"article:modified_time\" content=\"2023-07-24T14:47:35+00:00\" \/>\n<meta property=\"og:image\" content=\"https:\/\/www.afapa.eu\/wp-content\/uploads\/2023\/07\/alzheimers-g7ce068e2a_1280-1024x510.jpg\" \/>\n<meta name=\"twitter:card\" content=\"summary_large_image\" \/>\n<meta name=\"twitter:label1\" content=\"Estimated reading time\" \/>\n\t<meta name=\"twitter:data1\" content=\"1 minute\" \/>\n<script type=\"application\/ld+json\" class=\"yoast-schema-graph\">{\"@context\":\"https:\\\/\\\/schema.org\",\"@graph\":[{\"@type\":\"WebPage\",\"@id\":\"https:\\\/\\\/www.afapa.eu\\\/activite-physique-adaptee-definition\\\/\",\"url\":\"https:\\\/\\\/www.afapa.eu\\\/activite-physique-adaptee-definition\\\/\",\"name\":\"Activit\u00e9 Physique Adapt\u00e9e : d\u00e9finition - AFAPA\",\"isPartOf\":{\"@id\":\"https:\\\/\\\/www.afapa.eu\\\/#website\"},\"primaryImageOfPage\":{\"@id\":\"https:\\\/\\\/www.afapa.eu\\\/activite-physique-adaptee-definition\\\/#primaryimage\"},\"image\":{\"@id\":\"https:\\\/\\\/www.afapa.eu\\\/activite-physique-adaptee-definition\\\/#primaryimage\"},\"thumbnailUrl\":\"https:\\\/\\\/www.afapa.eu\\\/wp-content\\\/uploads\\\/2023\\\/07\\\/alzheimers-g7ce068e2a_1280-1024x510.jpg\",\"datePublished\":\"2023-07-01T16:05:02+00:00\",\"dateModified\":\"2023-07-24T14:47:35+00:00\",\"breadcrumb\":{\"@id\":\"https:\\\/\\\/www.afapa.eu\\\/activite-physique-adaptee-definition\\\/#breadcrumb\"},\"inLanguage\":\"en-GB\",\"potentialAction\":[{\"@type\":\"ReadAction\",\"target\":[\"https:\\\/\\\/www.afapa.eu\\\/activite-physique-adaptee-definition\\\/\"]}]},{\"@type\":\"ImageObject\",\"inLanguage\":\"en-GB\",\"@id\":\"https:\\\/\\\/www.afapa.eu\\\/activite-physique-adaptee-definition\\\/#primaryimage\",\"url\":\"https:\\\/\\\/www.afapa.eu\\\/wp-content\\\/uploads\\\/2023\\\/07\\\/alzheimers-g7ce068e2a_1280-1024x510.jpg\",\"contentUrl\":\"https:\\\/\\\/www.afapa.eu\\\/wp-content\\\/uploads\\\/2023\\\/07\\\/alzheimers-g7ce068e2a_1280-1024x510.jpg\"},{\"@type\":\"BreadcrumbList\",\"@id\":\"https:\\\/\\\/www.afapa.eu\\\/activite-physique-adaptee-definition\\\/#breadcrumb\",\"itemListElement\":[{\"@type\":\"ListItem\",\"position\":1,\"name\":\"Accueil\",\"item\":\"https:\\\/\\\/www.afapa.eu\\\/\"},{\"@type\":\"ListItem\",\"position\":2,\"name\":\"Activit\u00e9 Physique Adapt\u00e9e : d\u00e9finition\"}]},{\"@type\":\"WebSite\",\"@id\":\"https:\\\/\\\/www.afapa.eu\\\/#website\",\"url\":\"https:\\\/\\\/www.afapa.eu\\\/\",\"name\":\"AFAPA\",\"description\":\"Bienvenue sur le site de l&#039;AFAPA\",\"publisher\":{\"@id\":\"https:\\\/\\\/www.afapa.eu\\\/#organization\"},\"potentialAction\":[{\"@type\":\"SearchAction\",\"target\":{\"@type\":\"EntryPoint\",\"urlTemplate\":\"https:\\\/\\\/www.afapa.eu\\\/?s={search_term_string}\"},\"query-input\":{\"@type\":\"PropertyValueSpecification\",\"valueRequired\":true,\"valueName\":\"search_term_string\"}}],\"inLanguage\":\"en-GB\"},{\"@type\":\"Organization\",\"@id\":\"https:\\\/\\\/www.afapa.eu\\\/#organization\",\"name\":\"AFAPA\",\"alternateName\":\"AFAPA\",\"url\":\"https:\\\/\\\/www.afapa.eu\\\/\",\"logo\":{\"@type\":\"ImageObject\",\"inLanguage\":\"en-GB\",\"@id\":\"https:\\\/\\\/www.afapa.eu\\\/#\\\/schema\\\/logo\\\/image\\\/\",\"url\":\"https:\\\/\\\/www.afapa.eu\\\/wp-content\\\/uploads\\\/2023\\\/03\\\/logo_afapa.png\",\"contentUrl\":\"https:\\\/\\\/www.afapa.eu\\\/wp-content\\\/uploads\\\/2023\\\/03\\\/logo_afapa.png\",\"width\":1206,\"height\":390,\"caption\":\"AFAPA\"},\"image\":{\"@id\":\"https:\\\/\\\/www.afapa.eu\\\/#\\\/schema\\\/logo\\\/image\\\/\"}}]}<\/script>\n<!-- \/ Yoast SEO plugin. -->","yoast_head_json":{"title":"Activit\u00e9 Physique Adapt\u00e9e : d\u00e9finition - AFAPA","robots":{"index":"index","follow":"follow","max-snippet":"max-snippet:-1","max-image-preview":"max-image-preview:large","max-video-preview":"max-video-preview:-1"},"canonical":"https:\/\/www.afapa.eu\/en\/activite-physique-adaptee-definition\/","og_locale":"en_GB","og_type":"article","og_title":"Activit\u00e9 Physique Adapt\u00e9e : d\u00e9finition - AFAPA","og_description":"&nbsp; L\u2019Activit\u00e9 Physique Adapt\u00e9e est le domaine scientifique et professionnel de l\u2019AP s\u2019adressant \u00e0 toute personne n\u2019ayant pas ou ne pouvant pas pratiquer une activit\u00e9 physique ou sportive dans des conditions ordinaires et qui pr\u00e9sente des besoins sp\u00e9cifiques de sant\u00e9, [&hellip;]","og_url":"https:\/\/www.afapa.eu\/en\/activite-physique-adaptee-definition\/","og_site_name":"AFAPA","article_modified_time":"2023-07-24T14:47:35+00:00","og_image":[{"url":"https:\/\/www.afapa.eu\/wp-content\/uploads\/2023\/07\/alzheimers-g7ce068e2a_1280-1024x510.jpg","type":"","width":"","height":""}],"twitter_card":"summary_large_image","twitter_misc":{"Estimated reading time":"1 minute"},"schema":{"@context":"https:\/\/schema.org","@graph":[{"@type":"WebPage","@id":"https:\/\/www.afapa.eu\/activite-physique-adaptee-definition\/","url":"https:\/\/www.afapa.eu\/activite-physique-adaptee-definition\/","name":"Activit\u00e9 Physique Adapt\u00e9e : d\u00e9finition - AFAPA","isPartOf":{"@id":"https:\/\/www.afapa.eu\/#website"},"primaryImageOfPage":{"@id":"https:\/\/www.afapa.eu\/activite-physique-adaptee-definition\/#primaryimage"},"image":{"@id":"https:\/\/www.afapa.eu\/activite-physique-adaptee-definition\/#primaryimage"},"thumbnailUrl":"https:\/\/www.afapa.eu\/wp-content\/uploads\/2023\/07\/alzheimers-g7ce068e2a_1280-1024x510.jpg","datePublished":"2023-07-01T16:05:02+00:00","dateModified":"2023-07-24T14:47:35+00:00","breadcrumb":{"@id":"https:\/\/www.afapa.eu\/activite-physique-adaptee-definition\/#breadcrumb"},"inLanguage":"en-GB","potentialAction":[{"@type":"ReadAction","target":["https:\/\/www.afapa.eu\/activite-physique-adaptee-definition\/"]}]},{"@type":"ImageObject","inLanguage":"en-GB","@id":"https:\/\/www.afapa.eu\/activite-physique-adaptee-definition\/#primaryimage","url":"https:\/\/www.afapa.eu\/wp-content\/uploads\/2023\/07\/alzheimers-g7ce068e2a_1280-1024x510.jpg","contentUrl":"https:\/\/www.afapa.eu\/wp-content\/uploads\/2023\/07\/alzheimers-g7ce068e2a_1280-1024x510.jpg"},{"@type":"BreadcrumbList","@id":"https:\/\/www.afapa.eu\/activite-physique-adaptee-definition\/#breadcrumb","itemListElement":[{"@type":"ListItem","position":1,"name":"Accueil","item":"https:\/\/www.afapa.eu\/"},{"@type":"ListItem","position":2,"name":"Activit\u00e9 Physique Adapt\u00e9e : d\u00e9finition"}]},{"@type":"WebSite","@id":"https:\/\/www.afapa.eu\/#website","url":"https:\/\/www.afapa.eu\/","name":"AFAPA","description":"Bienvenue sur le site de l&#039;AFAPA","publisher":{"@id":"https:\/\/www.afapa.eu\/#organization"},"potentialAction":[{"@type":"SearchAction","target":{"@type":"EntryPoint","urlTemplate":"https:\/\/www.afapa.eu\/?s={search_term_string}"},"query-input":{"@type":"PropertyValueSpecification","valueRequired":true,"valueName":"search_term_string"}}],"inLanguage":"en-GB"},{"@type":"Organization","@id":"https:\/\/www.afapa.eu\/#organization","name":"AFAPA","alternateName":"AFAPA","url":"https:\/\/www.afapa.eu\/","logo":{"@type":"ImageObject","inLanguage":"en-GB","@id":"https:\/\/www.afapa.eu\/#\/schema\/logo\/image\/","url":"https:\/\/www.afapa.eu\/wp-content\/uploads\/2023\/03\/logo_afapa.png","contentUrl":"https:\/\/www.afapa.eu\/wp-content\/uploads\/2023\/03\/logo_afapa.png","width":1206,"height":390,"caption":"AFAPA"},"image":{"@id":"https:\/\/www.afapa.eu\/#\/schema\/logo\/image\/"}}]}},"_links":{"self":[{"href":"https:\/\/www.afapa.eu\/en\/wp-json\/wp\/v2\/pages\/3809","targetHints":{"allow":["GET"]}}],"collection":[{"href":"https:\/\/www.afapa.eu\/en\/wp-json\/wp\/v2\/pages"}],"about":[{"href":"https:\/\/www.afapa.eu\/en\/wp-json\/wp\/v2\/types\/page"}],"author":[{"embeddable":true,"href":"https:\/\/www.afapa.eu\/en\/wp-json\/wp\/v2\/users\/1"}],"replies":[{"embeddable":true,"href":"https:\/\/www.afapa.eu\/en\/wp-json\/wp\/v2\/comments?post=3809"}],"version-history":[{"count":4,"href":"https:\/\/www.afapa.eu\/en\/wp-json\/wp\/v2\/pages\/3809\/revisions"}],"predecessor-version":[{"id":3959,"href":"https:\/\/www.afapa.eu\/en\/wp-json\/wp\/v2\/pages\/3809\/revisions\/3959"}],"wp:attachment":[{"href":"https:\/\/www.afapa.eu\/en\/wp-json\/wp\/v2\/media?parent=3809"}],"curies":[{"name":"wp","href":"https:\/\/api.w.org\/{rel}","templated":true}]}}