{"id":6703,"date":"2024-12-19T11:30:04","date_gmt":"2024-12-19T10:30:04","guid":{"rendered":"https:\/\/www.afapa.eu\/?page_id=6703"},"modified":"2026-03-23T01:52:10","modified_gmt":"2026-03-23T00:52:10","slug":"journee-de-travail-a-destination-des-responsables-de-formation","status":"publish","type":"page","link":"https:\/\/www.afapa.eu\/en\/journee-de-travail-a-destination-des-responsables-de-formation\/","title":{"rendered":"Les ateliers de l&rsquo;AFAPA \u00e0 destination des responsables de formation Licence et Master STAPS APA-S"},"content":{"rendered":"<div data-elementor-type=\"wp-page\" data-elementor-id=\"6703\" class=\"elementor elementor-6703\">\n\t\t\t\t\t\t<section class=\"elementor-section elementor-top-section elementor-element elementor-element-5aca956 elementor-section-boxed elementor-section-height-default elementor-section-height-default\" data-id=\"5aca956\" data-element_type=\"section\" data-e-type=\"section\" data-settings=\"{&quot;dotlife_ext_is_background_parallax&quot;:&quot;false&quot;,&quot;dotlife_ext_is_background_backdrop&quot;:&quot;false&quot;}\">\n\t\t\t\t\t\t<div class=\"elementor-container elementor-column-gap-default\">\n\t\t\t\t\t<div class=\"elementor-column elementor-col-100 elementor-top-column elementor-element elementor-element-78a2f3c\" data-id=\"78a2f3c\" data-element_type=\"column\" data-e-type=\"column\" data-settings=\"{&quot;dotlife_ext_link_sidemenu&quot;:&quot;false&quot;,&quot;dotlife_ext_link_fullmenu&quot;:&quot;false&quot;,&quot;dotlife_ext_link_closed_fullmenu&quot;:&quot;false&quot;,&quot;dotlife_ext_is_scrollme&quot;:&quot;false&quot;,&quot;dotlife_ext_is_smoove&quot;:&quot;false&quot;,&quot;dotlife_ext_is_parallax_mouse&quot;:&quot;false&quot;,&quot;dotlife_ext_is_infinite&quot;:&quot;false&quot;,&quot;dotlife_ext_is_fadeout_animation&quot;:&quot;false&quot;,&quot;dotlife_ext_mobile_static&quot;:&quot;false&quot;}\">\n\t\t\t<div class=\"elementor-widget-wrap elementor-element-populated\">\n\t\t\t\t\t\t<div class=\"elementor-element elementor-element-d68a12f elementor-widget elementor-widget-image\" data-id=\"d68a12f\" data-element_type=\"widget\" data-e-type=\"widget\" data-settings=\"{&quot;dotlife_image_is_animation&quot;:&quot;false&quot;,&quot;dotlife_ext_link_sidemenu&quot;:&quot;false&quot;,&quot;dotlife_ext_link_fullmenu&quot;:&quot;false&quot;,&quot;dotlife_ext_link_closed_fullmenu&quot;:&quot;false&quot;,&quot;dotlife_ext_is_scrollme&quot;:&quot;false&quot;,&quot;dotlife_ext_is_smoove&quot;:&quot;false&quot;,&quot;dotlife_ext_is_parallax_mouse&quot;:&quot;false&quot;,&quot;dotlife_ext_is_infinite&quot;:&quot;false&quot;,&quot;dotlife_ext_is_fadeout_animation&quot;:&quot;false&quot;,&quot;dotlife_ext_mobile_static&quot;:&quot;false&quot;}\" data-widget_type=\"image.default\">\n\t\t\t\t<div class=\"elementor-widget-container\">\n\t\t\t\t\t\t\t\t\t\t\t\t\t\t\t<img fetchpriority=\"high\" decoding=\"async\" width=\"300\" height=\"200\" src=\"https:\/\/www.afapa.eu\/wp-content\/uploads\/2024\/12\/people-2557396_1280-300x200.jpg\" class=\"attachment-medium size-medium wp-image-6689\" alt=\"\" srcset=\"https:\/\/www.afapa.eu\/wp-content\/uploads\/2024\/12\/people-2557396_1280-300x200.jpg 300w, https:\/\/www.afapa.eu\/wp-content\/uploads\/2024\/12\/people-2557396_1280-1024x682.jpg 1024w, https:\/\/www.afapa.eu\/wp-content\/uploads\/2024\/12\/people-2557396_1280-768x512.jpg 768w, https:\/\/www.afapa.eu\/wp-content\/uploads\/2024\/12\/people-2557396_1280-18x12.jpg 18w, https:\/\/www.afapa.eu\/wp-content\/uploads\/2024\/12\/people-2557396_1280-700x466.jpg 700w, https:\/\/www.afapa.eu\/wp-content\/uploads\/2024\/12\/people-2557396_1280-440x293.jpg 440w, https:\/\/www.afapa.eu\/wp-content\/uploads\/2024\/12\/people-2557396_1280.jpg 1280w\" sizes=\"(max-width: 300px) 100vw, 300px\" \/>\t\t\t\t\t\t\t\t\t\t\t\t\t\t\t<\/div>\n\t\t\t\t<\/div>\n\t\t\t\t\t<\/div>\n\t\t<\/div>\n\t\t\t\t\t<\/div>\n\t\t<\/section>\n\t\t\t\t<section class=\"elementor-section elementor-top-section elementor-element elementor-element-f4583e5 elementor-section-boxed elementor-section-height-default elementor-section-height-default\" data-id=\"f4583e5\" data-element_type=\"section\" data-e-type=\"section\" data-settings=\"{&quot;dotlife_ext_is_background_parallax&quot;:&quot;false&quot;,&quot;dotlife_ext_is_background_backdrop&quot;:&quot;false&quot;}\">\n\t\t\t\t\t\t<div class=\"elementor-container elementor-column-gap-default\">\n\t\t\t\t\t<div class=\"elementor-column elementor-col-100 elementor-top-column elementor-element elementor-element-6a16af0\" data-id=\"6a16af0\" data-element_type=\"column\" data-e-type=\"column\" data-settings=\"{&quot;dotlife_ext_link_sidemenu&quot;:&quot;false&quot;,&quot;dotlife_ext_link_fullmenu&quot;:&quot;false&quot;,&quot;dotlife_ext_link_closed_fullmenu&quot;:&quot;false&quot;,&quot;dotlife_ext_is_scrollme&quot;:&quot;false&quot;,&quot;dotlife_ext_is_smoove&quot;:&quot;false&quot;,&quot;dotlife_ext_is_parallax_mouse&quot;:&quot;false&quot;,&quot;dotlife_ext_is_infinite&quot;:&quot;false&quot;,&quot;dotlife_ext_is_fadeout_animation&quot;:&quot;false&quot;,&quot;dotlife_ext_mobile_static&quot;:&quot;false&quot;}\">\n\t\t\t<div class=\"elementor-widget-wrap elementor-element-populated\">\n\t\t\t\t\t\t<div class=\"elementor-element elementor-element-a6539e5 elementor-widget elementor-widget-text-editor\" data-id=\"a6539e5\" data-element_type=\"widget\" data-e-type=\"widget\" data-settings=\"{&quot;dotlife_ext_link_sidemenu&quot;:&quot;false&quot;,&quot;dotlife_ext_link_fullmenu&quot;:&quot;false&quot;,&quot;dotlife_ext_link_closed_fullmenu&quot;:&quot;false&quot;,&quot;dotlife_ext_is_scrollme&quot;:&quot;false&quot;,&quot;dotlife_ext_is_smoove&quot;:&quot;false&quot;,&quot;dotlife_ext_is_parallax_mouse&quot;:&quot;false&quot;,&quot;dotlife_ext_is_infinite&quot;:&quot;false&quot;,&quot;dotlife_ext_is_fadeout_animation&quot;:&quot;false&quot;,&quot;dotlife_ext_mobile_static&quot;:&quot;false&quot;}\" data-widget_type=\"text-editor.default\">\n\t\t\t\t<div class=\"elementor-widget-container\">\n\t\t\t\t\t\t\t\t\t<p style=\"text-align: center;\"><strong>Th\u00e9matique :<\/strong> les modalit\u00e9s pour int\u00e9grer ou valider une formation de Licence ou de Master STAPS APA-S<\/p><p style=\"text-align: center;\"><a href=\"https:\/\/www.afapa.eu\/wp-content\/uploads\/2025\/07\/CR-Ateliers-AFAPA-4-juin-2025.pdf\" target=\"_blank\" rel=\"noopener\">Compte-rendu<\/a> et <a href=\"https:\/\/www.afapa.eu\/wp-content\/uploads\/2025\/07\/DIAPORAMA-Ateliers-AFAPA-4-Juin-2025.pdf\" target=\"_blank\" rel=\"noopener\">diaporama<\/a><\/p>\t\t\t\t\t\t\t\t<\/div>\n\t\t\t\t<\/div>\n\t\t\t\t\t<\/div>\n\t\t<\/div>\n\t\t\t\t\t<\/div>\n\t\t<\/section>\n\t\t\t\t<section class=\"elementor-section elementor-top-section elementor-element elementor-element-83cedf1 elementor-section-boxed elementor-section-height-default elementor-section-height-default\" data-id=\"83cedf1\" data-element_type=\"section\" data-e-type=\"section\" data-settings=\"{&quot;dotlife_ext_is_background_parallax&quot;:&quot;false&quot;,&quot;dotlife_ext_is_background_backdrop&quot;:&quot;false&quot;}\">\n\t\t\t\t\t\t<div class=\"elementor-container elementor-column-gap-default\">\n\t\t\t\t\t<div class=\"elementor-column elementor-col-100 elementor-top-column elementor-element elementor-element-6b9d7ba\" data-id=\"6b9d7ba\" data-element_type=\"column\" data-e-type=\"column\" data-settings=\"{&quot;dotlife_ext_link_sidemenu&quot;:&quot;false&quot;,&quot;dotlife_ext_link_fullmenu&quot;:&quot;false&quot;,&quot;dotlife_ext_link_closed_fullmenu&quot;:&quot;false&quot;,&quot;dotlife_ext_is_scrollme&quot;:&quot;false&quot;,&quot;dotlife_ext_is_smoove&quot;:&quot;false&quot;,&quot;dotlife_ext_is_parallax_mouse&quot;:&quot;false&quot;,&quot;dotlife_ext_is_infinite&quot;:&quot;false&quot;,&quot;dotlife_ext_is_fadeout_animation&quot;:&quot;false&quot;,&quot;dotlife_ext_mobile_static&quot;:&quot;false&quot;}\">\n\t\t\t<div class=\"elementor-widget-wrap elementor-element-populated\">\n\t\t\t\t\t\t<section class=\"elementor-section elementor-inner-section elementor-element elementor-element-6020173 elementor-section-boxed elementor-section-height-default elementor-section-height-default\" data-id=\"6020173\" data-element_type=\"section\" data-e-type=\"section\" data-settings=\"{&quot;dotlife_ext_is_background_parallax&quot;:&quot;false&quot;,&quot;dotlife_ext_is_background_backdrop&quot;:&quot;false&quot;}\">\n\t\t\t\t\t\t<div class=\"elementor-container elementor-column-gap-default\">\n\t\t\t\t\t<div class=\"elementor-column elementor-col-50 elementor-inner-column elementor-element elementor-element-e4c60f0\" data-id=\"e4c60f0\" data-element_type=\"column\" data-e-type=\"column\" data-settings=\"{&quot;dotlife_ext_link_sidemenu&quot;:&quot;false&quot;,&quot;dotlife_ext_link_fullmenu&quot;:&quot;false&quot;,&quot;dotlife_ext_link_closed_fullmenu&quot;:&quot;false&quot;,&quot;dotlife_ext_is_scrollme&quot;:&quot;false&quot;,&quot;dotlife_ext_is_smoove&quot;:&quot;false&quot;,&quot;dotlife_ext_is_parallax_mouse&quot;:&quot;false&quot;,&quot;dotlife_ext_is_infinite&quot;:&quot;false&quot;,&quot;dotlife_ext_is_fadeout_animation&quot;:&quot;false&quot;,&quot;dotlife_ext_mobile_static&quot;:&quot;false&quot;}\">\n\t\t\t<div class=\"elementor-widget-wrap elementor-element-populated\">\n\t\t\t\t\t\t<div class=\"elementor-element elementor-element-1e3ffba elementor-widget elementor-widget-image\" data-id=\"1e3ffba\" data-element_type=\"widget\" data-e-type=\"widget\" data-settings=\"{&quot;dotlife_image_is_animation&quot;:&quot;false&quot;,&quot;dotlife_ext_link_sidemenu&quot;:&quot;false&quot;,&quot;dotlife_ext_link_fullmenu&quot;:&quot;false&quot;,&quot;dotlife_ext_link_closed_fullmenu&quot;:&quot;false&quot;,&quot;dotlife_ext_is_scrollme&quot;:&quot;false&quot;,&quot;dotlife_ext_is_smoove&quot;:&quot;false&quot;,&quot;dotlife_ext_is_parallax_mouse&quot;:&quot;false&quot;,&quot;dotlife_ext_is_infinite&quot;:&quot;false&quot;,&quot;dotlife_ext_is_fadeout_animation&quot;:&quot;false&quot;,&quot;dotlife_ext_mobile_static&quot;:&quot;false&quot;}\" data-widget_type=\"image.default\">\n\t\t\t\t<div class=\"elementor-widget-container\">\n\t\t\t\t\t\t\t\t\t\t\t\t\t\t\t\t<a href=\"https:\/\/www.universite-paris-saclay.fr\/graduate-schools\/graduate-school-sport-mouvement-facteurs-humains\" target=\"_blank\">\n\t\t\t\t\t\t\t<img decoding=\"async\" width=\"442\" height=\"114\" src=\"https:\/\/www.afapa.eu\/wp-content\/uploads\/2024\/12\/GS-SMFH.png\" class=\"attachment-large size-large wp-image-6678\" alt=\"\" srcset=\"https:\/\/www.afapa.eu\/wp-content\/uploads\/2024\/12\/GS-SMFH.png 442w, https:\/\/www.afapa.eu\/wp-content\/uploads\/2024\/12\/GS-SMFH-300x77.png 300w, https:\/\/www.afapa.eu\/wp-content\/uploads\/2024\/12\/GS-SMFH-18x5.png 18w, https:\/\/www.afapa.eu\/wp-content\/uploads\/2024\/12\/GS-SMFH-440x113.png 440w\" sizes=\"(max-width: 442px) 100vw, 442px\" \/>\t\t\t\t\t\t\t\t<\/a>\n\t\t\t\t\t\t\t\t\t\t\t\t\t\t\t<\/div>\n\t\t\t\t<\/div>\n\t\t\t\t\t<\/div>\n\t\t<\/div>\n\t\t\t\t<div class=\"elementor-column elementor-col-50 elementor-inner-column elementor-element elementor-element-35b3840\" data-id=\"35b3840\" data-element_type=\"column\" data-e-type=\"column\" data-settings=\"{&quot;dotlife_ext_link_sidemenu&quot;:&quot;false&quot;,&quot;dotlife_ext_link_fullmenu&quot;:&quot;false&quot;,&quot;dotlife_ext_link_closed_fullmenu&quot;:&quot;false&quot;,&quot;dotlife_ext_is_scrollme&quot;:&quot;false&quot;,&quot;dotlife_ext_is_smoove&quot;:&quot;false&quot;,&quot;dotlife_ext_is_parallax_mouse&quot;:&quot;false&quot;,&quot;dotlife_ext_is_infinite&quot;:&quot;false&quot;,&quot;dotlife_ext_is_fadeout_animation&quot;:&quot;false&quot;,&quot;dotlife_ext_mobile_static&quot;:&quot;false&quot;}\">\n\t\t\t<div class=\"elementor-widget-wrap elementor-element-populated\">\n\t\t\t\t\t\t<div class=\"elementor-element elementor-element-3a31d82 elementor-widget elementor-widget-text-editor\" data-id=\"3a31d82\" data-element_type=\"widget\" data-e-type=\"widget\" data-settings=\"{&quot;dotlife_ext_link_sidemenu&quot;:&quot;false&quot;,&quot;dotlife_ext_link_fullmenu&quot;:&quot;false&quot;,&quot;dotlife_ext_link_closed_fullmenu&quot;:&quot;false&quot;,&quot;dotlife_ext_is_scrollme&quot;:&quot;false&quot;,&quot;dotlife_ext_is_smoove&quot;:&quot;false&quot;,&quot;dotlife_ext_is_parallax_mouse&quot;:&quot;false&quot;,&quot;dotlife_ext_is_infinite&quot;:&quot;false&quot;,&quot;dotlife_ext_is_fadeout_animation&quot;:&quot;false&quot;,&quot;dotlife_ext_mobile_static&quot;:&quot;false&quot;}\" data-widget_type=\"text-editor.default\">\n\t\t\t\t<div class=\"elementor-widget-container\">\n\t\t\t\t\t\t\t\t\t<p style=\"text-align: left; padding-top: 0;\"><strong>Date :<\/strong> 04 juin 2025, de 9h30 \u00e0 16h30<\/p><p><strong>Lieu :<br \/><\/strong><\/p><p style=\"padding-left: 40px;\"><a title=\"Voir sur Google Maps\" href=\"https:\/\/maps.app.goo.gl\/ZH2Ydj1N1H5B6JZw6\" target=\"_blank\" rel=\"noopener\">Universit\u00e9 Paris-Saclay<br \/>Facult\u00e9 des Sciences du Sport<br \/>335 rue Pierre de Coubertin<br \/>91440 Bures-sur-Yvette<\/a><\/p>\t\t\t\t\t\t\t\t<\/div>\n\t\t\t\t<\/div>\n\t\t\t\t\t<\/div>\n\t\t<\/div>\n\t\t\t\t\t<\/div>\n\t\t<\/section>\n\t\t\t\t\t<\/div>\n\t\t<\/div>\n\t\t\t\t\t<\/div>\n\t\t<\/section>\n\t\t\t\t<section class=\"elementor-section elementor-top-section elementor-element elementor-element-c2f9ba9 elementor-section-boxed elementor-section-height-default elementor-section-height-default\" data-id=\"c2f9ba9\" data-element_type=\"section\" data-e-type=\"section\" data-settings=\"{&quot;dotlife_ext_is_background_parallax&quot;:&quot;false&quot;,&quot;dotlife_ext_is_background_backdrop&quot;:&quot;false&quot;}\">\n\t\t\t\t\t\t<div class=\"elementor-container elementor-column-gap-default\">\n\t\t\t\t\t<div class=\"elementor-column elementor-col-100 elementor-top-column elementor-element elementor-element-48fc36f\" data-id=\"48fc36f\" data-element_type=\"column\" data-e-type=\"column\" data-settings=\"{&quot;dotlife_ext_link_sidemenu&quot;:&quot;false&quot;,&quot;dotlife_ext_link_fullmenu&quot;:&quot;false&quot;,&quot;dotlife_ext_link_closed_fullmenu&quot;:&quot;false&quot;,&quot;dotlife_ext_is_scrollme&quot;:&quot;false&quot;,&quot;dotlife_ext_is_smoove&quot;:&quot;false&quot;,&quot;dotlife_ext_is_parallax_mouse&quot;:&quot;false&quot;,&quot;dotlife_ext_is_infinite&quot;:&quot;false&quot;,&quot;dotlife_ext_is_fadeout_animation&quot;:&quot;false&quot;,&quot;dotlife_ext_mobile_static&quot;:&quot;false&quot;}\">\n\t\t\t<div class=\"elementor-widget-wrap elementor-element-populated\">\n\t\t\t\t\t\t<section class=\"elementor-section elementor-inner-section elementor-element elementor-element-f63aba4 elementor-section-boxed elementor-section-height-default elementor-section-height-default\" data-id=\"f63aba4\" data-element_type=\"section\" data-e-type=\"section\" data-settings=\"{&quot;dotlife_ext_is_background_parallax&quot;:&quot;false&quot;,&quot;dotlife_ext_is_background_backdrop&quot;:&quot;false&quot;}\">\n\t\t\t\t\t\t<div class=\"elementor-container elementor-column-gap-default\">\n\t\t\t\t\t<div class=\"elementor-column elementor-col-50 elementor-inner-column elementor-element elementor-element-b502435\" data-id=\"b502435\" data-element_type=\"column\" data-e-type=\"column\" data-settings=\"{&quot;dotlife_ext_link_sidemenu&quot;:&quot;false&quot;,&quot;dotlife_ext_link_fullmenu&quot;:&quot;false&quot;,&quot;dotlife_ext_link_closed_fullmenu&quot;:&quot;false&quot;,&quot;dotlife_ext_is_scrollme&quot;:&quot;false&quot;,&quot;dotlife_ext_is_smoove&quot;:&quot;false&quot;,&quot;dotlife_ext_is_parallax_mouse&quot;:&quot;false&quot;,&quot;dotlife_ext_is_infinite&quot;:&quot;false&quot;,&quot;dotlife_ext_is_fadeout_animation&quot;:&quot;false&quot;,&quot;dotlife_ext_mobile_static&quot;:&quot;false&quot;}\">\n\t\t\t<div class=\"elementor-widget-wrap elementor-element-populated\">\n\t\t\t\t\t\t<div class=\"elementor-element elementor-element-4cc382c elementor-widget elementor-widget-text-editor\" data-id=\"4cc382c\" data-element_type=\"widget\" data-e-type=\"widget\" data-settings=\"{&quot;dotlife_ext_link_sidemenu&quot;:&quot;false&quot;,&quot;dotlife_ext_link_fullmenu&quot;:&quot;false&quot;,&quot;dotlife_ext_link_closed_fullmenu&quot;:&quot;false&quot;,&quot;dotlife_ext_is_scrollme&quot;:&quot;false&quot;,&quot;dotlife_ext_is_smoove&quot;:&quot;false&quot;,&quot;dotlife_ext_is_parallax_mouse&quot;:&quot;false&quot;,&quot;dotlife_ext_is_infinite&quot;:&quot;false&quot;,&quot;dotlife_ext_is_fadeout_animation&quot;:&quot;false&quot;,&quot;dotlife_ext_mobile_static&quot;:&quot;false&quot;}\" data-widget_type=\"text-editor.default\">\n\t\t\t\t<div class=\"elementor-widget-container\">\n\t\t\t\t\t\t\t\t\t<p><b>Venir en transports en commun :<\/b><\/p><ul><li style=\"list-style-type: none;\"><ul><li>Gare de Massy TGV<\/li><li>RER B, arr\u00eat Bures-sur-Yvette<\/li><li>A partir de la gare RER, comptez environ 10 min de marche<\/li><\/ul><\/li><\/ul><p style=\"padding-left: 40px;\"><img decoding=\"async\" class=\"size-medium wp-image-6843 alignleft\" src=\"https:\/\/www.afapa.eu\/wp-content\/uploads\/2025\/03\/plan-300x207.jpg\" alt=\"\" width=\"300\" height=\"207\" srcset=\"https:\/\/www.afapa.eu\/wp-content\/uploads\/2025\/03\/plan-300x207.jpg 300w, https:\/\/www.afapa.eu\/wp-content\/uploads\/2025\/03\/plan-1024x706.jpg 1024w, https:\/\/www.afapa.eu\/wp-content\/uploads\/2025\/03\/plan-768x530.jpg 768w, https:\/\/www.afapa.eu\/wp-content\/uploads\/2025\/03\/plan-1536x1059.jpg 1536w, https:\/\/www.afapa.eu\/wp-content\/uploads\/2025\/03\/plan-2048x1412.jpg 2048w, https:\/\/www.afapa.eu\/wp-content\/uploads\/2025\/03\/plan-18x12.jpg 18w, https:\/\/www.afapa.eu\/wp-content\/uploads\/2025\/03\/plan-440x303.jpg 440w\" sizes=\"(max-width: 300px) 100vw, 300px\" \/><\/p>\t\t\t\t\t\t\t\t<\/div>\n\t\t\t\t<\/div>\n\t\t\t\t\t<\/div>\n\t\t<\/div>\n\t\t\t\t<div class=\"elementor-column elementor-col-50 elementor-inner-column elementor-element elementor-element-786d04f\" data-id=\"786d04f\" data-element_type=\"column\" data-e-type=\"column\" data-settings=\"{&quot;dotlife_ext_link_sidemenu&quot;:&quot;false&quot;,&quot;dotlife_ext_link_fullmenu&quot;:&quot;false&quot;,&quot;dotlife_ext_link_closed_fullmenu&quot;:&quot;false&quot;,&quot;dotlife_ext_is_scrollme&quot;:&quot;false&quot;,&quot;dotlife_ext_is_smoove&quot;:&quot;false&quot;,&quot;dotlife_ext_is_parallax_mouse&quot;:&quot;false&quot;,&quot;dotlife_ext_is_infinite&quot;:&quot;false&quot;,&quot;dotlife_ext_is_fadeout_animation&quot;:&quot;false&quot;,&quot;dotlife_ext_mobile_static&quot;:&quot;false&quot;}\">\n\t\t\t<div class=\"elementor-widget-wrap elementor-element-populated\">\n\t\t\t\t\t\t<div class=\"elementor-element elementor-element-1969b11 elementor-widget elementor-widget-text-editor\" data-id=\"1969b11\" data-element_type=\"widget\" data-e-type=\"widget\" data-settings=\"{&quot;dotlife_ext_link_sidemenu&quot;:&quot;false&quot;,&quot;dotlife_ext_link_fullmenu&quot;:&quot;false&quot;,&quot;dotlife_ext_link_closed_fullmenu&quot;:&quot;false&quot;,&quot;dotlife_ext_is_scrollme&quot;:&quot;false&quot;,&quot;dotlife_ext_is_smoove&quot;:&quot;false&quot;,&quot;dotlife_ext_is_parallax_mouse&quot;:&quot;false&quot;,&quot;dotlife_ext_is_infinite&quot;:&quot;false&quot;,&quot;dotlife_ext_is_fadeout_animation&quot;:&quot;false&quot;,&quot;dotlife_ext_mobile_static&quot;:&quot;false&quot;}\" data-widget_type=\"text-editor.default\">\n\t\t\t\t<div class=\"elementor-widget-container\">\n\t\t\t\t\t\t\t\t\t<p><b>Se loger :<\/b><\/p><ul><li style=\"list-style-type: none;\"><ul><li><a href=\"https:\/\/www.myresidhome.com\/bures-sur-yvette\/residhome-bures-la-guyonnerie\/apparthotel-residence-hoteliere.html\" target=\"_blank\" rel=\"noopener\">Appart H\u00f4tel &#8211; Residhome La Guyonnerie Bures sur Yvette<\/a><\/li><li><a href=\"https:\/\/www.hotel-bb.com\/fr\/hotel\/massy-gare-tgv?utm_source=googlemaps&amp;utm_medium=fichehotel&amp;utm_campaign=yext\" target=\"_blank\" rel=\"noopener\">B&amp;B HOTEL Massy Gare TGV<\/a><\/li><li><a href=\"https:\/\/www.myresidhome.com\/massy\/residhome-paris-massy\/apparthotel-residence-hoteliere.html\" target=\"_blank\" rel=\"noopener\">Residhome Paris-Massy<\/a><\/li><li><a href=\"https:\/\/www.adagio-city.com\/fr\/hotel-8696-aparthotel-adagio-access-paris-massy-gare-tgv\/index.shtml?utm_source=googleMaps&amp;utm_medium=seoMaps&amp;utm_campaign=seoMaps&amp;y_source=1_MTUzNTkyODctNzE1LWxvY2F0aW9uLndlYnNpdGU%3D\" target=\"_blank\" rel=\"noopener\">Aparthotel Adagio Access Paris Massy Gare<\/a><\/li><li><a href=\"https:\/\/paris-saclay.campanile.com\/fr-fr\/\" target=\"_blank\" rel=\"noopener\">Campanile Paris Sud Saclay- Gif sur yvette<\/a><\/li><\/ul><\/li><\/ul>\t\t\t\t\t\t\t\t<\/div>\n\t\t\t\t<\/div>\n\t\t\t\t\t<\/div>\n\t\t<\/div>\n\t\t\t\t\t<\/div>\n\t\t<\/section>\n\t\t\t\t\t<\/div>\n\t\t<\/div>\n\t\t\t\t\t<\/div>\n\t\t<\/section>\n\t\t\t\t<section class=\"elementor-section elementor-top-section elementor-element elementor-element-9e6b4ae elementor-section-boxed elementor-section-height-default elementor-section-height-default\" data-id=\"9e6b4ae\" data-element_type=\"section\" data-e-type=\"section\" data-settings=\"{&quot;dotlife_ext_is_background_parallax&quot;:&quot;false&quot;,&quot;dotlife_ext_is_background_backdrop&quot;:&quot;false&quot;}\">\n\t\t\t\t\t\t<div class=\"elementor-container elementor-column-gap-default\">\n\t\t\t\t\t<div class=\"elementor-column elementor-col-100 elementor-top-column elementor-element elementor-element-1470efd\" data-id=\"1470efd\" data-element_type=\"column\" data-e-type=\"column\" data-settings=\"{&quot;dotlife_ext_link_sidemenu&quot;:&quot;false&quot;,&quot;dotlife_ext_link_fullmenu&quot;:&quot;false&quot;,&quot;dotlife_ext_link_closed_fullmenu&quot;:&quot;false&quot;,&quot;dotlife_ext_is_scrollme&quot;:&quot;false&quot;,&quot;dotlife_ext_is_smoove&quot;:&quot;false&quot;,&quot;dotlife_ext_is_parallax_mouse&quot;:&quot;false&quot;,&quot;dotlife_ext_is_infinite&quot;:&quot;false&quot;,&quot;dotlife_ext_is_fadeout_animation&quot;:&quot;false&quot;,&quot;dotlife_ext_mobile_static&quot;:&quot;false&quot;}\">\n\t\t\t<div class=\"elementor-widget-wrap elementor-element-populated\">\n\t\t\t\t\t\t<div class=\"elementor-element elementor-element-06481fa elementor-widget elementor-widget-text-editor\" data-id=\"06481fa\" data-element_type=\"widget\" data-e-type=\"widget\" data-settings=\"{&quot;dotlife_ext_link_sidemenu&quot;:&quot;false&quot;,&quot;dotlife_ext_link_fullmenu&quot;:&quot;false&quot;,&quot;dotlife_ext_link_closed_fullmenu&quot;:&quot;false&quot;,&quot;dotlife_ext_is_scrollme&quot;:&quot;false&quot;,&quot;dotlife_ext_is_smoove&quot;:&quot;false&quot;,&quot;dotlife_ext_is_parallax_mouse&quot;:&quot;false&quot;,&quot;dotlife_ext_is_infinite&quot;:&quot;false&quot;,&quot;dotlife_ext_is_fadeout_animation&quot;:&quot;false&quot;,&quot;dotlife_ext_mobile_static&quot;:&quot;false&quot;}\" data-widget_type=\"text-editor.default\">\n\t\t\t\t<div class=\"elementor-widget-container\">\n\t\t\t\t\t\t\t\t\t<p><strong>Programme :<\/strong><\/p><ul><li><strong>09h30 &#8211; 10h00 :<\/strong> Accueil<\/li><li><strong>10h00 &#8211; 10h30 :<\/strong> Introduction<ul><li>Thomas Deroche, Directeur de la Graduate School Sport Mouvement Facteurs Humains (UP-Saclay)<\/li><li>Patrice Flore, Pr\u00e9sident de l&rsquo;AFAPA<\/li><\/ul><\/li><li><strong>10h30 &#8211; 12h30 :<\/strong> Modalit\u00e9s et conditions d\u2019acc\u00e8s en Licence APA-S, VAE\/VAPP comprises<\/li><li><strong>12h30 &#8211; 13h30 :<\/strong> Repas<\/li><li><strong>13h30 &#8211; 15h30 :<\/strong> Modalit\u00e9s et conditions d\u2019acc\u00e8s en Master APA-S, VAE\/VAPP comprises<\/li><li><strong>15h30 &#8211; 16h00 :<\/strong> Socle commun de connaissance<\/li><li><strong>16h00 &#8211; 16h30 :<\/strong> Conclusion de la journ\u00e9e<\/li><\/ul>\t\t\t\t\t\t\t\t<\/div>\n\t\t\t\t<\/div>\n\t\t\t\t\t<\/div>\n\t\t<\/div>\n\t\t\t\t\t<\/div>\n\t\t<\/section>\n\t\t\t\t<section class=\"elementor-section elementor-top-section elementor-element elementor-element-b2b3303 elementor-section-boxed elementor-section-height-default elementor-section-height-default\" data-id=\"b2b3303\" data-element_type=\"section\" data-e-type=\"section\" data-settings=\"{&quot;dotlife_ext_is_background_parallax&quot;:&quot;false&quot;,&quot;dotlife_ext_is_background_backdrop&quot;:&quot;false&quot;}\">\n\t\t\t\t\t\t<div class=\"elementor-container elementor-column-gap-default\">\n\t\t\t\t\t<div class=\"elementor-column elementor-col-100 elementor-top-column elementor-element elementor-element-0b3351f\" data-id=\"0b3351f\" data-element_type=\"column\" data-e-type=\"column\" data-settings=\"{&quot;dotlife_ext_link_sidemenu&quot;:&quot;false&quot;,&quot;dotlife_ext_link_fullmenu&quot;:&quot;false&quot;,&quot;dotlife_ext_link_closed_fullmenu&quot;:&quot;false&quot;,&quot;dotlife_ext_is_scrollme&quot;:&quot;false&quot;,&quot;dotlife_ext_is_smoove&quot;:&quot;false&quot;,&quot;dotlife_ext_is_parallax_mouse&quot;:&quot;false&quot;,&quot;dotlife_ext_is_infinite&quot;:&quot;false&quot;,&quot;dotlife_ext_is_fadeout_animation&quot;:&quot;false&quot;,&quot;dotlife_ext_mobile_static&quot;:&quot;false&quot;}\">\n\t\t\t<div class=\"elementor-widget-wrap elementor-element-populated\">\n\t\t\t\t\t\t<div class=\"elementor-element elementor-element-32c355e elementor-widget elementor-widget-text-editor\" data-id=\"32c355e\" data-element_type=\"widget\" data-e-type=\"widget\" data-settings=\"{&quot;dotlife_ext_link_sidemenu&quot;:&quot;false&quot;,&quot;dotlife_ext_link_fullmenu&quot;:&quot;false&quot;,&quot;dotlife_ext_link_closed_fullmenu&quot;:&quot;false&quot;,&quot;dotlife_ext_is_scrollme&quot;:&quot;false&quot;,&quot;dotlife_ext_is_smoove&quot;:&quot;false&quot;,&quot;dotlife_ext_is_parallax_mouse&quot;:&quot;false&quot;,&quot;dotlife_ext_is_infinite&quot;:&quot;false&quot;,&quot;dotlife_ext_is_fadeout_animation&quot;:&quot;false&quot;,&quot;dotlife_ext_mobile_static&quot;:&quot;false&quot;}\" data-widget_type=\"text-editor.default\">\n\t\t\t\t<div class=\"elementor-widget-container\">\n\t\t\t\t\t\t\t\t\t<p style=\"text-align: center;\">Les inscriptions sont d\u00e9sormais closes.<\/p>\t\t\t\t\t\t\t\t<\/div>\n\t\t\t\t<\/div>\n\t\t\t\t\t<\/div>\n\t\t<\/div>\n\t\t\t\t\t<\/div>\n\t\t<\/section>\n\t\t\t\t<\/div>","protected":false},"excerpt":{"rendered":"<p>Th\u00e9matique : les modalit\u00e9s pour int\u00e9grer ou valider une formation de Licence ou de Master STAPS APA-S Compte-rendu et diaporama Date : 04 juin 2025, de 9h30 \u00e0 16h30 Lieu : Universit\u00e9 Paris-SaclayFacult\u00e9 des Sciences du Sport335 rue Pierre de [&hellip;]<\/p>\n","protected":false},"author":2,"featured_media":0,"parent":0,"menu_order":0,"comment_status":"closed","ping_status":"closed","template":"","meta":{"footnotes":""},"class_list":["post-6703","page","type-page","status-publish","hentry"],"yoast_head":"<!-- This site is optimized with the Yoast SEO plugin v27.4 - https:\/\/yoast.com\/product\/yoast-seo-wordpress\/ -->\n<title>Les ateliers de l&#039;AFAPA \u00e0 destination des responsables de formation Licence et Master STAPS APA-S - AFAPA<\/title>\n<meta name=\"robots\" content=\"index, follow, max-snippet:-1, max-image-preview:large, max-video-preview:-1\" \/>\n<link rel=\"canonical\" href=\"https:\/\/www.afapa.eu\/en\/journee-de-travail-a-destination-des-responsables-de-formation\/\" \/>\n<meta property=\"og:locale\" content=\"en_GB\" \/>\n<meta property=\"og:type\" content=\"article\" \/>\n<meta property=\"og:title\" content=\"Les ateliers de l&#039;AFAPA \u00e0 destination des responsables de formation Licence et Master STAPS APA-S - AFAPA\" \/>\n<meta property=\"og:description\" content=\"Th\u00e9matique : les modalit\u00e9s pour int\u00e9grer ou valider une formation de Licence ou de Master STAPS APA-S Compte-rendu et diaporama Date : 04 juin 2025, de 9h30 \u00e0 16h30 Lieu : Universit\u00e9 Paris-SaclayFacult\u00e9 des Sciences du Sport335 rue Pierre de [&hellip;]\" \/>\n<meta property=\"og:url\" content=\"https:\/\/www.afapa.eu\/en\/journee-de-travail-a-destination-des-responsables-de-formation\/\" \/>\n<meta property=\"og:site_name\" content=\"AFAPA\" \/>\n<meta property=\"article:modified_time\" content=\"2026-03-23T00:52:10+00:00\" \/>\n<meta property=\"og:image\" content=\"https:\/\/www.afapa.eu\/wp-content\/uploads\/2024\/12\/people-2557396_1280.jpg\" \/>\n\t<meta property=\"og:image:width\" content=\"1280\" \/>\n\t<meta property=\"og:image:height\" content=\"853\" \/>\n\t<meta property=\"og:image:type\" content=\"image\/jpeg\" \/>\n<meta name=\"twitter:card\" content=\"summary_large_image\" \/>\n<meta name=\"twitter:label1\" content=\"Estimated reading time\" \/>\n\t<meta name=\"twitter:data1\" content=\"2 minutes\" \/>\n<script type=\"application\/ld+json\" class=\"yoast-schema-graph\">{\"@context\":\"https:\\\/\\\/schema.org\",\"@graph\":[{\"@type\":\"WebPage\",\"@id\":\"https:\\\/\\\/www.afapa.eu\\\/journee-de-travail-a-destination-des-responsables-de-formation\\\/\",\"url\":\"https:\\\/\\\/www.afapa.eu\\\/journee-de-travail-a-destination-des-responsables-de-formation\\\/\",\"name\":\"Les ateliers de l'AFAPA \u00e0 destination des responsables de formation Licence et Master STAPS APA-S - AFAPA\",\"isPartOf\":{\"@id\":\"https:\\\/\\\/www.afapa.eu\\\/#website\"},\"primaryImageOfPage\":{\"@id\":\"https:\\\/\\\/www.afapa.eu\\\/journee-de-travail-a-destination-des-responsables-de-formation\\\/#primaryimage\"},\"image\":{\"@id\":\"https:\\\/\\\/www.afapa.eu\\\/journee-de-travail-a-destination-des-responsables-de-formation\\\/#primaryimage\"},\"thumbnailUrl\":\"https:\\\/\\\/www.afapa.eu\\\/wp-content\\\/uploads\\\/2024\\\/12\\\/people-2557396_1280-300x200.jpg\",\"datePublished\":\"2024-12-19T10:30:04+00:00\",\"dateModified\":\"2026-03-23T00:52:10+00:00\",\"breadcrumb\":{\"@id\":\"https:\\\/\\\/www.afapa.eu\\\/journee-de-travail-a-destination-des-responsables-de-formation\\\/#breadcrumb\"},\"inLanguage\":\"en-GB\",\"potentialAction\":[{\"@type\":\"ReadAction\",\"target\":[\"https:\\\/\\\/www.afapa.eu\\\/journee-de-travail-a-destination-des-responsables-de-formation\\\/\"]}]},{\"@type\":\"ImageObject\",\"inLanguage\":\"en-GB\",\"@id\":\"https:\\\/\\\/www.afapa.eu\\\/journee-de-travail-a-destination-des-responsables-de-formation\\\/#primaryimage\",\"url\":\"https:\\\/\\\/www.afapa.eu\\\/wp-content\\\/uploads\\\/2024\\\/12\\\/people-2557396_1280-300x200.jpg\",\"contentUrl\":\"https:\\\/\\\/www.afapa.eu\\\/wp-content\\\/uploads\\\/2024\\\/12\\\/people-2557396_1280-300x200.jpg\"},{\"@type\":\"BreadcrumbList\",\"@id\":\"https:\\\/\\\/www.afapa.eu\\\/journee-de-travail-a-destination-des-responsables-de-formation\\\/#breadcrumb\",\"itemListElement\":[{\"@type\":\"ListItem\",\"position\":1,\"name\":\"Accueil\",\"item\":\"https:\\\/\\\/www.afapa.eu\\\/\"},{\"@type\":\"ListItem\",\"position\":2,\"name\":\"Les ateliers de l&rsquo;AFAPA \u00e0 destination des responsables de formation Licence et Master STAPS APA-S\"}]},{\"@type\":\"WebSite\",\"@id\":\"https:\\\/\\\/www.afapa.eu\\\/#website\",\"url\":\"https:\\\/\\\/www.afapa.eu\\\/\",\"name\":\"AFAPA\",\"description\":\"Bienvenue sur le site de l&#039;AFAPA\",\"publisher\":{\"@id\":\"https:\\\/\\\/www.afapa.eu\\\/#organization\"},\"potentialAction\":[{\"@type\":\"SearchAction\",\"target\":{\"@type\":\"EntryPoint\",\"urlTemplate\":\"https:\\\/\\\/www.afapa.eu\\\/?s={search_term_string}\"},\"query-input\":{\"@type\":\"PropertyValueSpecification\",\"valueRequired\":true,\"valueName\":\"search_term_string\"}}],\"inLanguage\":\"en-GB\"},{\"@type\":\"Organization\",\"@id\":\"https:\\\/\\\/www.afapa.eu\\\/#organization\",\"name\":\"AFAPA\",\"alternateName\":\"AFAPA\",\"url\":\"https:\\\/\\\/www.afapa.eu\\\/\",\"logo\":{\"@type\":\"ImageObject\",\"inLanguage\":\"en-GB\",\"@id\":\"https:\\\/\\\/www.afapa.eu\\\/#\\\/schema\\\/logo\\\/image\\\/\",\"url\":\"https:\\\/\\\/www.afapa.eu\\\/wp-content\\\/uploads\\\/2023\\\/03\\\/logo_afapa.png\",\"contentUrl\":\"https:\\\/\\\/www.afapa.eu\\\/wp-content\\\/uploads\\\/2023\\\/03\\\/logo_afapa.png\",\"width\":1206,\"height\":390,\"caption\":\"AFAPA\"},\"image\":{\"@id\":\"https:\\\/\\\/www.afapa.eu\\\/#\\\/schema\\\/logo\\\/image\\\/\"}}]}<\/script>\n<!-- \/ Yoast SEO plugin. -->","yoast_head_json":{"title":"Les ateliers de l'AFAPA \u00e0 destination des responsables de formation Licence et Master STAPS APA-S - AFAPA","robots":{"index":"index","follow":"follow","max-snippet":"max-snippet:-1","max-image-preview":"max-image-preview:large","max-video-preview":"max-video-preview:-1"},"canonical":"https:\/\/www.afapa.eu\/en\/journee-de-travail-a-destination-des-responsables-de-formation\/","og_locale":"en_GB","og_type":"article","og_title":"Les ateliers de l'AFAPA \u00e0 destination des responsables de formation Licence et Master STAPS APA-S - AFAPA","og_description":"Th\u00e9matique : les modalit\u00e9s pour int\u00e9grer ou valider une formation de Licence ou de Master STAPS APA-S Compte-rendu et diaporama Date : 04 juin 2025, de 9h30 \u00e0 16h30 Lieu : Universit\u00e9 Paris-SaclayFacult\u00e9 des Sciences du Sport335 rue Pierre de [&hellip;]","og_url":"https:\/\/www.afapa.eu\/en\/journee-de-travail-a-destination-des-responsables-de-formation\/","og_site_name":"AFAPA","article_modified_time":"2026-03-23T00:52:10+00:00","og_image":[{"width":1280,"height":853,"url":"https:\/\/www.afapa.eu\/wp-content\/uploads\/2024\/12\/people-2557396_1280.jpg","type":"image\/jpeg"}],"twitter_card":"summary_large_image","twitter_misc":{"Estimated reading time":"2 minutes"},"schema":{"@context":"https:\/\/schema.org","@graph":[{"@type":"WebPage","@id":"https:\/\/www.afapa.eu\/journee-de-travail-a-destination-des-responsables-de-formation\/","url":"https:\/\/www.afapa.eu\/journee-de-travail-a-destination-des-responsables-de-formation\/","name":"Les ateliers de l'AFAPA \u00e0 destination des responsables de formation Licence et Master STAPS APA-S - AFAPA","isPartOf":{"@id":"https:\/\/www.afapa.eu\/#website"},"primaryImageOfPage":{"@id":"https:\/\/www.afapa.eu\/journee-de-travail-a-destination-des-responsables-de-formation\/#primaryimage"},"image":{"@id":"https:\/\/www.afapa.eu\/journee-de-travail-a-destination-des-responsables-de-formation\/#primaryimage"},"thumbnailUrl":"https:\/\/www.afapa.eu\/wp-content\/uploads\/2024\/12\/people-2557396_1280-300x200.jpg","datePublished":"2024-12-19T10:30:04+00:00","dateModified":"2026-03-23T00:52:10+00:00","breadcrumb":{"@id":"https:\/\/www.afapa.eu\/journee-de-travail-a-destination-des-responsables-de-formation\/#breadcrumb"},"inLanguage":"en-GB","potentialAction":[{"@type":"ReadAction","target":["https:\/\/www.afapa.eu\/journee-de-travail-a-destination-des-responsables-de-formation\/"]}]},{"@type":"ImageObject","inLanguage":"en-GB","@id":"https:\/\/www.afapa.eu\/journee-de-travail-a-destination-des-responsables-de-formation\/#primaryimage","url":"https:\/\/www.afapa.eu\/wp-content\/uploads\/2024\/12\/people-2557396_1280-300x200.jpg","contentUrl":"https:\/\/www.afapa.eu\/wp-content\/uploads\/2024\/12\/people-2557396_1280-300x200.jpg"},{"@type":"BreadcrumbList","@id":"https:\/\/www.afapa.eu\/journee-de-travail-a-destination-des-responsables-de-formation\/#breadcrumb","itemListElement":[{"@type":"ListItem","position":1,"name":"Accueil","item":"https:\/\/www.afapa.eu\/"},{"@type":"ListItem","position":2,"name":"Les ateliers de l&rsquo;AFAPA \u00e0 destination des responsables de formation Licence et Master STAPS APA-S"}]},{"@type":"WebSite","@id":"https:\/\/www.afapa.eu\/#website","url":"https:\/\/www.afapa.eu\/","name":"AFAPA","description":"Bienvenue sur le site de l&#039;AFAPA","publisher":{"@id":"https:\/\/www.afapa.eu\/#organization"},"potentialAction":[{"@type":"SearchAction","target":{"@type":"EntryPoint","urlTemplate":"https:\/\/www.afapa.eu\/?s={search_term_string}"},"query-input":{"@type":"PropertyValueSpecification","valueRequired":true,"valueName":"search_term_string"}}],"inLanguage":"en-GB"},{"@type":"Organization","@id":"https:\/\/www.afapa.eu\/#organization","name":"AFAPA","alternateName":"AFAPA","url":"https:\/\/www.afapa.eu\/","logo":{"@type":"ImageObject","inLanguage":"en-GB","@id":"https:\/\/www.afapa.eu\/#\/schema\/logo\/image\/","url":"https:\/\/www.afapa.eu\/wp-content\/uploads\/2023\/03\/logo_afapa.png","contentUrl":"https:\/\/www.afapa.eu\/wp-content\/uploads\/2023\/03\/logo_afapa.png","width":1206,"height":390,"caption":"AFAPA"},"image":{"@id":"https:\/\/www.afapa.eu\/#\/schema\/logo\/image\/"}}]}},"_links":{"self":[{"href":"https:\/\/www.afapa.eu\/en\/wp-json\/wp\/v2\/pages\/6703","targetHints":{"allow":["GET"]}}],"collection":[{"href":"https:\/\/www.afapa.eu\/en\/wp-json\/wp\/v2\/pages"}],"about":[{"href":"https:\/\/www.afapa.eu\/en\/wp-json\/wp\/v2\/types\/page"}],"author":[{"embeddable":true,"href":"https:\/\/www.afapa.eu\/en\/wp-json\/wp\/v2\/users\/2"}],"replies":[{"embeddable":true,"href":"https:\/\/www.afapa.eu\/en\/wp-json\/wp\/v2\/comments?post=6703"}],"version-history":[{"count":93,"href":"https:\/\/www.afapa.eu\/en\/wp-json\/wp\/v2\/pages\/6703\/revisions"}],"predecessor-version":[{"id":7111,"href":"https:\/\/www.afapa.eu\/en\/wp-json\/wp\/v2\/pages\/6703\/revisions\/7111"}],"wp:attachment":[{"href":"https:\/\/www.afapa.eu\/en\/wp-json\/wp\/v2\/media?parent=6703"}],"curies":[{"name":"wp","href":"https:\/\/api.w.org\/{rel}","templated":true}]}}